{"id":4455,"date":"2022-02-02T18:09:11","date_gmt":"2022-02-02T16:09:11","guid":{"rendered":"https:\/\/pixupweb.com\/kit-digital-gestion-redes-sociales\/"},"modified":"2022-02-10T19:11:06","modified_gmt":"2022-02-10T17:11:06","slug":"kit-digital-gestio-xarxes-socials-mataro-barcelona","status":"publish","type":"page","link":"https:\/\/pixupweb.com\/ca\/kit-digital-gestio-xarxes-socials-mataro-barcelona\/","title":{"rendered":"Kit digital: Gesti\u00f3n Redes Sociales"},"content":{"rendered":"<div class=\"flex_column av_one_full  flex_column_div av-zero-column-padding first  avia-builder-el-0  el_before_av_section  avia-builder-el-no-sibling  \" style='border-radius:0px; '><p><div  style='padding-bottom:10px; color:#c8102e;' class='av-special-heading av-special-heading-h1 custom-color-heading blockquote modern-quote modern-centered  avia-builder-el-1  el_before_av_hr  avia-builder-el-first  '><h1 class='av-special-heading-tag '  itemprop=\"headline\"  >Kit Digital: Gesti\u00f3 Xarxes Socials &#8211; Agent digitalitzador a Matar\u00f3 i Barcelona<\/h1><div class='special-heading-border'><div class='special-heading-inner-border' style='border-color:#c8102e'><\/div><\/div><\/div><br \/>\n<div  style='height:30px' class='hr hr-invisible   avia-builder-el-2  el_after_av_heading  el_before_av_textblock '><span class='hr-inner ' ><span class='hr-inner-style'><\/span><\/span><\/div><br \/>\n<section class=\"av_textblock_section \"  itemscope=\"itemscope\" itemtype=\"https:\/\/schema.org\/CreativeWork\" ><div class='avia_textblock  '   itemprop=\"text\" ><h3 style=\"text-align: center;\">Gesti\u00f3 de xarxes socials, solucions de digitalitzaci\u00f3 de Kit Digital a Matar\u00f3 i Barcelona<\/h3>\n<\/div><\/section><\/p><\/div><\/div><\/div><\/div><!-- close content main div --><\/div><\/div><div id='av_section_1'  class='avia-section alternate_color avia-section-default avia-no-border-styling  avia-bg-style-scroll  avia-builder-el-4  el_after_av_one_full  el_before_av_three_fifth   container_wrap fullsize' style=' '  ><div class='container' ><div class='template-page content  av-content-full alpha units'><div class='post-entry post-entry-type-page post-entry-4455'><div class='entry-content-wrapper clearfix'>\n<div class=\"flex_column av_one_third  flex_column_div av-zero-column-padding first  avia-builder-el-5  el_before_av_two_third  avia-builder-el-first  \" style='border-radius:0px; '><div  class='avia-image-container  av-styling-    avia-builder-el-6  avia-builder-el-no-sibling  avia-align-center '  itemprop=\"image\" itemscope=\"itemscope\" itemtype=\"https:\/\/schema.org\/ImageObject\"  ><div class='avia-image-container-inner'><div class='avia-image-overlay-wrap'><img class='wp-image-4287 avia-img-lazy-loading-not-4287 avia_image' src=\"https:\/\/pixupweb.com\/wp-content\/uploads\/2022\/02\/gestion-redes-sociales-495x400.jpg\" alt='' title='gestion-redes-sociales' height=\"400\" width=\"495\"  itemprop=\"thumbnailUrl\" srcset=\"https:\/\/pixupweb.com\/wp-content\/uploads\/2022\/02\/gestion-redes-sociales-495x400.jpg 495w, https:\/\/pixupweb.com\/wp-content\/uploads\/2022\/02\/gestion-redes-sociales-845x684.jpg 845w\" sizes=\"(max-width: 495px) 100vw, 495px\" \/><\/div><\/div><\/div><\/div><div class=\"flex_column av_two_third  flex_column_div av-zero-column-padding   avia-builder-el-7  el_after_av_one_third  avia-builder-el-last  \" style='border-radius:0px; '><p><div  style='padding-bottom:20px; ' class='av-special-heading av-special-heading-h2  blockquote modern-quote  avia-builder-el-8  el_before_av_textblock  avia-builder-el-first  '><h2 class='av-special-heading-tag '  itemprop=\"headline\"  >Suport en gesti\u00f3 de xarxes socials, Social Media i Community Management.<\/h2><div class='special-heading-border'><div class='special-heading-inner-border' ><\/div><\/div><\/div><br \/>\n<section class=\"av_textblock_section \"  itemscope=\"itemscope\" itemtype=\"https:\/\/schema.org\/CreativeWork\" ><div class='avia_textblock  '   itemprop=\"text\" ><p>A Pixup et recomanem les xarxes socials que s&#8217;adapten millor al teu negoci, creem accessos directes des de la teva web i donem d&#8217;alta el teu perfil de negoci a google Mybusiness, donant visibilitat al teu negoci, productes i serveis a la recerca de Google, vinculats a SEO local.<\/p>\n<p>Afegim monitoritzaci\u00f3 i control peri\u00f2dic mitjan\u00e7ant anal\u00edtica mensual per poder veure l&#8217;impacte de les accions, per quantificar els resultats i comprovar si s&#8217;estan complint els objectius marcats a l&#8217;estrat\u00e8gia.<\/p>\n<p>PixUP, agent digitalitzador de Kit Digital a Matar\u00f3 i Barcelona per a Catalunya i Espanya, us ofereix la seva proposta personalitzada:<\/p>\n<\/div><\/section><\/p><\/div><\/div><\/div><\/div><!-- close content main div --><\/div><\/div><div id='after_section_1'  class='main_color av_default_container_wrap container_wrap fullsize' style=' '  ><div class='container' ><div class='template-page content  av-content-full alpha units'><div class='post-entry post-entry-type-page post-entry-4455'><div class='entry-content-wrapper clearfix'><div class=\"flex_column av_three_fifth  flex_column_div av-zero-column-padding first  avia-builder-el-10  el_after_av_section  el_before_av_two_fifth  avia-builder-el-first  \" style='border-radius:0px; '><p><div  style='padding-bottom:20px; ' class='av-special-heading av-special-heading-h2  blockquote modern-quote  avia-builder-el-11  el_before_av_hr  avia-builder-el-first  '><h2 class='av-special-heading-tag '  itemprop=\"headline\"  >Proposta alta en gesti\u00f3 de xarxes socials<\/h2><div class='special-heading-border'><div class='special-heading-inner-border' ><\/div><\/div><\/div><br \/>\n<div  style='height:10px' class='hr hr-invisible   avia-builder-el-12  el_after_av_heading  el_before_av_textblock '><span class='hr-inner ' ><span class='hr-inner-style'><\/span><\/span><\/div><br \/>\n<section class=\"av_textblock_section \"  itemscope=\"itemscope\" itemtype=\"https:\/\/schema.org\/CreativeWork\" ><div class='avia_textblock  '   itemprop=\"text\" ><h3>Estrat\u00e8gia i alta a les xarxes socials: <span style=\"text-decoration: underline;\">a partir de 1400\u20ac<\/span><\/h3>\n<\/div><\/section><br \/>\n<section class=\"av_textblock_section \"  itemscope=\"itemscope\" itemtype=\"https:\/\/schema.org\/CreativeWork\" ><div class='avia_textblock  '   itemprop=\"text\" ><h4>AUDITORIA DE COMUNICACI\u00d3<\/h4>\n<p><span style=\"text-decoration: underline;\">*AUDITORIA<\/span><\/p>\n<ul>\n<li>P\u00fablics: perfilar p\u00fablic objectius, determinar perfil de compradors.<\/li>\n<li>DAFO: Estudi DAFO de comunicaci\u00f3 a nivell intern de l&#8217;empresa i tamb\u00e9 pel que fa al mercat<\/li>\n<\/ul>\n<p><span style=\"text-decoration: underline;\">*AN\u00c0LISI SECTORIAL<\/span><\/p>\n<ul>\n<li>An\u00e0lisi de tend\u00e8ncies al sector consum-comer\u00e7: l&#8217;actualitat del que s&#8217;est\u00e0 treballant a nivells de comunicacions al nostre sector.<\/li>\n<li>Bones pr\u00e0ctiques de projectes similars -&gt; cercar referents, exemples,\u2026 a nivell mercat per inspirar l&#8217;estrat\u00e8gia de comunicaci\u00f3.<\/li>\n<\/ul>\n<h4>PLA DE COMUNICACI\u00d3 o SOCIAL PLA<\/h4>\n<p><span style=\"text-decoration: underline;\">*UNA VEGADA SUPERADA L&#8217;AUDITORIA CONCRETAREM:<\/span><\/p>\n<ul>\n<li>Objectius de comunicaci\u00f3: qu\u00e8 voleu assolir?<\/li>\n<li>Posicionament de la marca: Discurs de la marca en funci\u00f3 dels seus p\u00fablics.<\/li>\n<li>L\u00ednies estrat\u00e8giques de comunicaci\u00f3: Generals com per canals (XXSS, WEB, NEWSLETTER,&#8230;)<\/li>\n<li>Pla d&#8217;accions en xarxes amb desglossament de campanyes.<\/li>\n<li>Estrat\u00e8gia concreta per cadascuna de les campanyes. Amb consells, exemples i recomanacions<\/li>\n<li>Calendari d&#8217;accions<\/li>\n<li>Monitoritzaci\u00f3 de resultats: eines i principals indicadors<\/li>\n<\/ul>\n<h4>SEGUIMENT DE SOCIAL MITJANA<\/h4>\n<ul>\n<li class=\"paragraph\">Monitoritzaci\u00f3 de xarxes socials: tindr\u00e0s monitoritzada i controlada de manera peri\u00f2dica els impactes de les accions d&#8217;una xarxa social, per veure els resultats i saber si est\u00e0s complint amb els objectius de la teva estrat\u00e8gia.<\/li>\n<li class=\"paragraph\">La gesti\u00f3 de continguts i posts considera a part en funci\u00f3 de partida a part segons requeriments i personalitzaci\u00f3 del client.<\/li>\n<\/ul>\n<p>Aquests serveis es poden ampliar segons els requeriments i les personalitzacions del client.<\/p>\n<\/div><\/section><br \/>\n<div  style='padding-bottom:20px; ' class='av-special-heading av-special-heading-h2  blockquote modern-quote  avia-builder-el-15  el_after_av_textblock  el_before_av_hr  '><h2 class='av-special-heading-tag '  itemprop=\"headline\"  >Proposta gesti\u00f3 xarxes socials: una canal m\u00e9s.<\/h2><div class='special-heading-border'><div class='special-heading-inner-border' ><\/div><\/div><\/div><br \/>\n<div  style='height:10px' class='hr hr-invisible   avia-builder-el-16  el_after_av_heading  el_before_av_textblock '><span class='hr-inner ' ><span class='hr-inner-style'><\/span><\/span><\/div><br \/>\n<section class=\"av_textblock_section \"  itemscope=\"itemscope\" itemtype=\"https:\/\/schema.org\/CreativeWork\" ><div class='avia_textblock  '   itemprop=\"text\" ><h3>Gesti\u00f3 i seguiment d&#8217;una xarxa social: <span style=\"text-decoration: underline;\">a partir de 180\u20ac al mes<\/span><\/h3>\n<\/div><\/section><br \/>\n<section class=\"av_textblock_section \"  itemscope=\"itemscope\" itemtype=\"https:\/\/schema.org\/CreativeWork\" ><div class='avia_textblock  '   itemprop=\"text\" ><h3><\/h3>\n<p>PixUP us d\u00f3na suport a la gesti\u00f3 i seguiment d&#8217;una Xarxa Social.<\/p>\n<h4>GESTI\u00d3 i SEGUIMENT D&#8217;UNA XARXA SOCIAL<\/h4>\n<ul>\n<li>Monitoritzaci\u00f3 de xarxes socials: tindr\u00e0s monitoritzats i controlats de manera peri\u00f2dica els impactes de les accions a les xarxes socials per veure els teus resultats i saber si est\u00e0s complint amb els objectius de la teva estrat\u00e8gia.<\/li>\n<li>Gesti\u00f3 de les teves xarxes socials administrant el perfil\/usuari inicialment en una xarxa social amb publicaci\u00f3 4 posts mensuals (ampliable segons necessitats)<\/li>\n<li>Opcionalment es pot donar suport a generaci\u00f3 de continguts i edici\u00f3 gr\u00e0fica avan\u00e7ada.<\/li>\n<\/ul>\n<p>Aquests serveis es poden ampliar segons els requeriments i les personalitzacions del client.<\/p>\n<\/div><\/section><br \/>\n<div  style='padding-bottom:20px; ' class='av-special-heading av-special-heading-h3  blockquote modern-quote  avia-builder-el-19  el_after_av_textblock  el_before_av_hr  '><h3 class='av-special-heading-tag '  itemprop=\"headline\"  >Proposta alta a Google myBusiness<\/h3><div class='special-heading-border'><div class='special-heading-inner-border' ><\/div><\/div><\/div><br \/>\n<div  style='height:10px' class='hr hr-invisible   avia-builder-el-20  el_after_av_heading  el_before_av_textblock '><span class='hr-inner ' ><span class='hr-inner-style'><\/span><\/span><\/div><br \/>\n<section class=\"av_textblock_section \"  itemscope=\"itemscope\" itemtype=\"https:\/\/schema.org\/CreativeWork\" ><div class='avia_textblock  '   itemprop=\"text\" ><h3>Alta Google myBusiness: <span style=\"text-decoration: underline;\">a partir de 180\u20ac<\/span><\/h3>\n<\/div><\/section><br \/>\n<section class=\"av_textblock_section \"  itemscope=\"itemscope\" itemtype=\"https:\/\/schema.org\/CreativeWork\" ><div class='avia_textblock  '   itemprop=\"text\" ><p>Obertura o revisi\u00f3 Google myBusiness, eina clau de posicionament i publicaci\u00f3 de continguts de Google. Elaborem l&#8217;optimitzaci\u00f3 de conceptes clau i permet posicionament local.<\/p>\n<ul>\n<li>Estructuraci\u00f3 de 6 col\u00b7leccions\/categories\/tipus de producte\/serveis amb els seus conceptes claus.<\/li>\n<li>Identificaci\u00f3 de fins a 2 ubicacions.<\/li>\n<li>Publicaci\u00f3 de primera not\u00edcia\/novetat.<\/li>\n<li>Formaci\u00f3 en gesti\u00f3 de 30 minuts.<\/li>\n<\/ul>\n<p>Aquests serveis es poden ampliar segons els requeriments i les personalitzacions del client.<\/p>\n<\/div><\/section><\/p><\/div><div class=\"flex_column av_two_fifth  flex_column_div av-zero-column-padding   avia-builder-el-23  el_after_av_three_fifth  el_before_av_section  avia-builder-el-last  \" style='border-radius:0px; '><section class=\"av_textblock_section \"  itemscope=\"itemscope\" itemtype=\"https:\/\/schema.org\/CreativeWork\" ><div class='avia_textblock  '   itemprop=\"text\" ><p style=\"text-align: right;\"><strong><a style=\"color: #993300;\" href=\"https:\/\/pixupweb.com\/ca\/agent-digitalitzador-mataro-barcelona\/\">Altres Productes Kit Digital&gt;&gt;<\/a> <\/strong><\/p>\n<\/div><\/section><br \/>\n<div  style='height:30px' class='hr hr-invisible   avia-builder-el-25  el_after_av_textblock  el_before_av_heading '><span class='hr-inner ' ><span class='hr-inner-style'><\/span><\/span><\/div><br \/>\n<div  style='padding-bottom:20px; ' class='av-special-heading av-special-heading-h3  blockquote modern-quote  avia-builder-el-26  el_after_av_hr  el_before_av_hr  '><h3 class='av-special-heading-tag '  itemprop=\"headline\"  >Demana ara el teu Kit Digital gesti\u00f3 de xarxes socials<\/h3><div class='special-heading-border'><div class='special-heading-inner-border' ><\/div><\/div><\/div><br \/>\n<div  style='height:30px' class='hr hr-invisible   avia-builder-el-27  el_after_av_heading  el_before_av_textblock '><span class='hr-inner ' ><span class='hr-inner-style'><\/span><\/span><\/div><br \/>\n<section class=\"av_textblock_section \"  itemscope=\"itemscope\" itemtype=\"https:\/\/schema.org\/CreativeWork\" ><div class='avia_textblock  '   itemprop=\"text\" ><p>Import subvencionable m\u00e0xim de l&#8217;ajut Kit Digital Gesti\u00f3 de xarxes socials<\/p>\n<ul>\n<li>0 &lt; 3 treballadors: 2.000\u20ac<\/li>\n<li>3 &lt; 9 treballadors: 2.500\u20ac<\/li>\n<li>10 &lt; 50 treballadors: 2.500\u20ac<\/li>\n<\/ul>\n<p>Sol\u00b7liciteu m\u00e9s informaci\u00f3 mitjan\u00e7ant el formulari.<\/p>\n<\/div><\/section><br \/>\n<br \/>\n<div  class='avia-image-container  av-styling-    avia-builder-el-30  el_after_av_codeblock  avia-builder-el-last  avia-align-center '  itemprop=\"image\" itemscope=\"itemscope\" itemtype=\"https:\/\/schema.org\/ImageObject\"  ><div class='avia-image-container-inner'><div class='avia-image-overlay-wrap'><img class='wp-image-4256 avia-img-lazy-loading-not-4256 avia_image' src=\"https:\/\/pixupweb.com\/wp-content\/uploads\/2022\/02\/Logo-digitalizadores-1030x119.png\" alt='' title='Logo-digitalizadores' height=\"119\" width=\"1030\"  itemprop=\"thumbnailUrl\" srcset=\"https:\/\/pixupweb.com\/wp-content\/uploads\/2022\/02\/Logo-digitalizadores-1030x119.png 1030w, https:\/\/pixupweb.com\/wp-content\/uploads\/2022\/02\/Logo-digitalizadores-300x35.png 300w, https:\/\/pixupweb.com\/wp-content\/uploads\/2022\/02\/Logo-digitalizadores-768x89.png 768w, https:\/\/pixupweb.com\/wp-content\/uploads\/2022\/02\/Logo-digitalizadores-1536x178.png 1536w, https:\/\/pixupweb.com\/wp-content\/uploads\/2022\/02\/Logo-digitalizadores-2048x238.png 2048w, https:\/\/pixupweb.com\/wp-content\/uploads\/2022\/02\/Logo-digitalizadores-1500x174.png 1500w, https:\/\/pixupweb.com\/wp-content\/uploads\/2022\/02\/Logo-digitalizadores-705x82.png 705w\" sizes=\"(max-width: 1030px) 100vw, 1030px\" \/><\/div><\/div><\/div><\/p><\/div><\/div><\/div><\/div><!-- close content main div --><\/div><\/div><div id='av_section_2'  class='avia-section alternate_color avia-section-default avia-no-border-styling  avia-bg-style-scroll  avia-builder-el-31  el_after_av_two_fifth  el_before_av_section   container_wrap fullsize' style=' '  ><div class='container' ><div class='template-page content  av-content-full alpha units'><div class='post-entry post-entry-type-page post-entry-4455'><div class='entry-content-wrapper clearfix'>\n<div  style='padding-bottom:10px; ' class='av-special-heading av-special-heading-h2  blockquote modern-quote  avia-builder-el-32  el_before_av_hr  avia-builder-el-first  '><h2 class='av-special-heading-tag '  itemprop=\"headline\"  >Requisits per a la sol\u00b7licitud de subvenci\u00f3 Kit Digital per a gesti\u00f3 de xarxes socials<\/h2><div class='special-heading-border'><div class='special-heading-inner-border' ><\/div><\/div><\/div>\n<div  style='height:30px' class='hr hr-invisible   avia-builder-el-33  el_after_av_heading  el_before_av_textblock '><span class='hr-inner ' ><span class='hr-inner-style'><\/span><\/span><\/div>\n<section class=\"av_textblock_section \"  itemscope=\"itemscope\" itemtype=\"https:\/\/schema.org\/CreativeWork\" ><div class='avia_textblock  '   itemprop=\"text\" ><h4>Funcionalitats i serveis recomanables per obtenir la subvenci\u00f3 en aquest Kit Digital<\/h4>\n<p>PixUP us permet realitzar la gesti\u00f3 de sol\u00b7licitud de la subvenci\u00f3. Per a ells calen certs requisits m\u00ednims. Les necessitats del projecte Gesti\u00f3 de xarxes socials sol\u00b7licitat pel client habitualment sobrepassen aquests requisits.<\/p>\n<ul>\n<li>Social Media Plan: comptar\u00e0s amb una estrat\u00e8gia de xarxes socials alineada amb la teva missi\u00f3 i visi\u00f3, perqu\u00e8 sigui rellevant i connecti amb els teus potencials clients i fidelitzi aquells usuaris que ja ho siguin.<\/li>\n<li>Monitoritzaci\u00f3 de xarxes socials: tindr\u00e0s monitoritzats i controlats de manera peri\u00f2dica els impactes de les accions a les xarxes socials per veure els teus resultats i saber si est\u00e0s complint amb els objectius de la teva estrat\u00e8gia.<\/li>\n<li>Optimitzaci\u00f3 de la xarxa\/Auditoria Social Media: us ajudar\u00e0 a optimitzar el rendiment, analitzant diferents canals socials.<\/li>\n<li>Gesti\u00f3 d&#8217;una xarxa social: l&#8217;agent digitalitzador que hagis seleccionat per proporcionar-te la soluci\u00f3 t&#8217;administrar\u00e0 el perfil\/usuari a, almenys, una xarxa social.<\/li>\n<li>Publicaci\u00f3 de posts setmanals: l&#8217;Agent Digitalitzador publicar\u00e0 un m\u00ednim de 4-8 entrades (posts) mensuals a les teves xarxes socials.<\/li>\n<\/ul>\n<p>PixUP col\u00b7laborar\u00e0 en la gesti\u00f3 de la petici\u00f3 de la subvenci\u00f3. Consulti&#8217;ns per obtenir m\u00e9s detall<\/p>\n<\/div><\/section>\n<\/div><\/div><\/div><!-- close content main div --><\/div><\/div><div id='av_section_3'  class='avia-section main_color avia-section-default avia-no-border-styling  avia-bg-style-scroll  avia-builder-el-35  el_after_av_section  avia-builder-el-last   container_wrap fullsize' style=' '  ><div class='container' ><div class='template-page content  av-content-full alpha units'><div class='post-entry post-entry-type-page post-entry-4455'><div class='entry-content-wrapper clearfix'>\n<div class=\"flex_column av_one_full  flex_column_div av-zero-column-padding first  avia-builder-el-36  avia-builder-el-no-sibling  \" style='border-radius:0px; '><p><div  style='padding-bottom:20px; ' class='av-special-heading av-special-heading-h2  blockquote modern-quote modern-centered  avia-builder-el-37  el_before_av_masonry_entries  avia-builder-el-no-sibling  '><h2 class='av-special-heading-tag '  itemprop=\"headline\"  >Projectes de Pixup<\/h2><div class='special-heading-border'><div class='special-heading-inner-border' ><\/div><\/div><\/div><br \/>\n<div id='av-masonry-1' class='av-masonry  noHover av-fixed-size av-large-gap av-hover-overlay-active av-masonry-animation-active av-masonry-col-flexible av-caption-on-hover av-caption-style-overlay  av-orientation-square  '  ><div class='av-masonry-sort main_color av-sort-yes' data-masonry-id='1' ><div class='av-sort-by-term  ' data-av-allowed-sort='[\"animacio-i-edicio_sort\",\"disseny_sort\",\"disseny-de-logo_sort\",\"fotografia_sort\",\"illustracio_sort\"]' ><a href=\"#\" data-filter=\"all_sort\" class=\"all_sort_button active_sort\"><span class=\"inner_sort_button\"><span>All<\/span><small class=\"avia-term-count\"> 12 <\/small><\/span><\/a><span class='text-sep animacio-i-edicio_sort_sep avia_show_sort'>\/<\/span><a href=\"#\" data-filter=\"animacio-i-edicio_sort\" class=\"animacio-i-edicio_sort_button avia_show_sort\" ><span class=\"inner_sort_button\"><span>Animaci\u00f3 i edici\u00f3<\/span><small class='avia-term-count'> 1 <\/small><\/span><\/a><span class='text-sep disseny_sort_sep avia_show_sort'>\/<\/span><a href=\"#\" data-filter=\"disseny_sort\" class=\"disseny_sort_button avia_show_sort\" ><span class=\"inner_sort_button\"><span>Disseny<\/span><small class='avia-term-count'> 3 <\/small><\/span><\/a><span class='text-sep disseny-de-logo_sort_sep avia_show_sort'>\/<\/span><a href=\"#\" data-filter=\"disseny-de-logo_sort\" class=\"disseny-de-logo_sort_button avia_show_sort\" ><span class=\"inner_sort_button\"><span>Disseny de logo<\/span><small class='avia-term-count'> 8 <\/small><\/span><\/a><span class='text-sep fotografia_sort_sep avia_show_sort'>\/<\/span><a href=\"#\" data-filter=\"fotografia_sort\" class=\"fotografia_sort_button avia_show_sort\" ><span class=\"inner_sort_button\"><span>Fotografia<\/span><small class='avia-term-count'> 3 <\/small><\/span><\/a><span class='text-sep illustracio_sort_sep avia_show_sort'>\/<\/span><a href=\"#\" data-filter=\"illustracio_sort\" class=\"illustracio_sort_button avia_show_sort\" ><span class=\"inner_sort_button\"><span>Il\u00b7lustraci\u00f3<\/span><small class='avia-term-count'> 8 <\/small><\/span><\/a><\/div><\/div><div class='av-masonry-container isotope av-js-disabled ' ><div class='av-masonry-entry isotope-item av-masonry-item-no-image all_sort fotografia_sort  illustracio_sort  disseny-de-logo_sort  disseny_sort  animacio-i-edicio_sort '><\/div><a href=\"https:\/\/pixupweb.com\/ca\/proyectos-web-y-aplicaciones\/clinicafabrellas\/\"  id='av-masonry-1-item-596' data-av-masonry-item='596' class='av-masonry-entry isotope-item post-596 portfolio type-portfolio status-publish has-post-thumbnail hentry tag-landscape tag-portrait portfolio_entries-fotografia portfolio_entries-illustracio all_sort fotografia_sort  illustracio_sort  av-masonry-item-with-image' title=\"th-clinicafabrellas\"  itemscope=\"itemscope\" itemtype=\"https:\/\/schema.org\/CreativeWork\" ><div class='av-inner-masonry-sizer'><\/div><figure class='av-inner-masonry main_color'><div class=\"av-masonry-outerimage-container\"><div class=\"av-masonry-image-container\" style=\"background-image: url(https:\/\/pixupweb.com\/wp-content\/uploads\/2018\/04\/th-clinicafabrellas.jpg);\" title=\"th-clinicafabrellas\" ><\/div><\/div><figcaption class='av-inner-masonry-content site-background'><div class='av-inner-masonry-content-pos'><div class='av-inner-masonry-content-pos-content'><div class='avia-arrow'><\/div><h3 class='av-masonry-entry-title entry-title '  itemprop=\"headline\" >Cl\u00ednica Fabrellas<\/h3><\/div><\/div><\/figcaption><\/figure><\/a><!--end av-masonry entry--><a href=\"https:\/\/pixupweb.com\/ca\/proyectos-web-y-aplicaciones\/bossauto\/\"  id='av-masonry-1-item-597' data-av-masonry-item='597' class='av-masonry-entry isotope-item post-597 portfolio type-portfolio status-publish has-post-thumbnail hentry tag-food tag-fun portfolio_entries-disseny-de-logo portfolio_entries-fotografia all_sort disseny-de-logo_sort  fotografia_sort  av-masonry-item-with-image' title=\"th-bossauto\"  itemscope=\"itemscope\" itemtype=\"https:\/\/schema.org\/CreativeWork\" ><div class='av-inner-masonry-sizer'><\/div><figure class='av-inner-masonry main_color'><div class=\"av-masonry-outerimage-container\"><div class=\"av-masonry-image-container\" style=\"background-image: url(https:\/\/pixupweb.com\/wp-content\/uploads\/2019\/02\/th-bossauto.jpg);\" title=\"th-bossauto\" ><\/div><\/div><figcaption class='av-inner-masonry-content site-background'><div class='av-inner-masonry-content-pos'><div class='av-inner-masonry-content-pos-content'><div class='avia-arrow'><\/div><h3 class='av-masonry-entry-title entry-title '  itemprop=\"headline\" >Bossauto<\/h3><\/div><\/div><\/figcaption><\/figure><\/a><!--end av-masonry entry--><a href=\"https:\/\/pixupweb.com\/ca\/proyectos-web-y-aplicaciones\/mataroneta\/\"  id='av-masonry-1-item-600' data-av-masonry-item='600' class='av-masonry-entry isotope-item post-600 portfolio type-portfolio status-publish has-post-thumbnail hentry tag-food tag-fun portfolio_entries-disseny portfolio_entries-fotografia all_sort disseny_sort  fotografia_sort  av-masonry-item-with-image' title=\"th-mataroneta\"  itemscope=\"itemscope\" itemtype=\"https:\/\/schema.org\/CreativeWork\" ><div class='av-inner-masonry-sizer'><\/div><figure class='av-inner-masonry main_color'><div class=\"av-masonry-outerimage-container\"><div class=\"av-masonry-image-container\" style=\"background-image: url(https:\/\/pixupweb.com\/wp-content\/uploads\/2018\/04\/th-mataroneta.jpg);\" title=\"th-mataroneta\" ><\/div><\/div><figcaption class='av-inner-masonry-content site-background'><div class='av-inner-masonry-content-pos'><div class='av-inner-masonry-content-pos-content'><div class='avia-arrow'><\/div><h3 class='av-masonry-entry-title entry-title '  itemprop=\"headline\" >Matar\u00f3 Neta<\/h3><\/div><\/div><\/figcaption><\/figure><\/a><!--end av-masonry entry--><a href=\"https:\/\/pixupweb.com\/ca\/proyectos-web-y-aplicaciones\/arcos\/\"  id='av-masonry-1-item-601' data-av-masonry-item='601' class='av-masonry-entry isotope-item post-601 portfolio type-portfolio status-publish has-post-thumbnail hentry tag-fun tag-landscape portfolio_entries-disseny portfolio_entries-disseny-de-logo all_sort disseny_sort  disseny-de-logo_sort  av-masonry-item-with-image' title=\"th-arcos\"  itemscope=\"itemscope\" itemtype=\"https:\/\/schema.org\/CreativeWork\" ><div class='av-inner-masonry-sizer'><\/div><figure class='av-inner-masonry main_color'><div class=\"av-masonry-outerimage-container\"><div class=\"av-masonry-image-container\" style=\"background-image: url(https:\/\/pixupweb.com\/wp-content\/uploads\/2018\/04\/th-arcos.jpg);\" title=\"th-arcos\" ><\/div><\/div><figcaption class='av-inner-masonry-content site-background'><div class='av-inner-masonry-content-pos'><div class='av-inner-masonry-content-pos-content'><div class='avia-arrow'><\/div><h3 class='av-masonry-entry-title entry-title '  itemprop=\"headline\" >ARCOS<\/h3><\/div><\/div><\/figcaption><\/figure><\/a><!--end av-masonry entry--><a href=\"https:\/\/pixupweb.com\/ca\/proyectos-web-y-aplicaciones\/montebrione\/\"  id='av-masonry-1-item-602' data-av-masonry-item='602' class='av-masonry-entry isotope-item post-602 portfolio type-portfolio status-publish has-post-thumbnail hentry tag-alimentacio tag-alimentacion tag-diseno-a-medida tag-disseny-a-mida portfolio_entries-disseny portfolio_entries-illustracio all_sort disseny_sort  illustracio_sort  av-masonry-item-with-image' title=\"th-montebrione\"  itemscope=\"itemscope\" itemtype=\"https:\/\/schema.org\/CreativeWork\" ><div class='av-inner-masonry-sizer'><\/div><figure class='av-inner-masonry main_color'><div class=\"av-masonry-outerimage-container\"><div class=\"av-masonry-image-container\" style=\"background-image: url(https:\/\/pixupweb.com\/wp-content\/uploads\/2018\/04\/th-montebrione.jpg);\" title=\"th-montebrione\" ><\/div><\/div><figcaption class='av-inner-masonry-content site-background'><div class='av-inner-masonry-content-pos'><div class='av-inner-masonry-content-pos-content'><div class='avia-arrow'><\/div><h3 class='av-masonry-entry-title entry-title '  itemprop=\"headline\" >MONTEBRIONE<\/h3><\/div><\/div><\/figcaption><\/figure><\/a><!--end av-masonry entry--><a href=\"https:\/\/pixupweb.com\/ca\/proyectos-web-y-aplicaciones\/vaic-la-vida-en-bici\/\"  id='av-masonry-1-item-604' data-av-masonry-item='604' class='av-masonry-entry isotope-item post-604 portfolio type-portfolio status-publish has-post-thumbnail hentry tag-ecommerce tag-oci tag-prestashop tag-serveis portfolio_entries-disseny-de-logo portfolio_entries-illustracio all_sort disseny-de-logo_sort  illustracio_sort  av-masonry-item-with-image' title=\"th-vaic\"  itemscope=\"itemscope\" itemtype=\"https:\/\/schema.org\/CreativeWork\" ><div class='av-inner-masonry-sizer'><\/div><figure class='av-inner-masonry main_color'><div class=\"av-masonry-outerimage-container\"><div class=\"av-masonry-image-container\" style=\"background-image: url(https:\/\/pixupweb.com\/wp-content\/uploads\/2018\/04\/th-vaic.jpg);\" title=\"th-vaic\" ><\/div><\/div><figcaption class='av-inner-masonry-content site-background'><div class='av-inner-masonry-content-pos'><div class='av-inner-masonry-content-pos-content'><div class='avia-arrow'><\/div><h3 class='av-masonry-entry-title entry-title '  itemprop=\"headline\" >VAIC &#8211; La vida en bici<\/h3><\/div><\/div><\/figcaption><\/figure><\/a><!--end av-masonry entry--><a href=\"https:\/\/pixupweb.com\/ca\/proyectos-web-y-aplicaciones\/mobles-boix\/\"  id='av-masonry-1-item-2636' data-av-masonry-item='2636' class='av-masonry-entry isotope-item post-2636 portfolio type-portfolio status-publish has-post-thumbnail hentry tag-ecommerce tag-oci tag-prestashop tag-serveis portfolio_entries-disseny-de-logo portfolio_entries-illustracio all_sort disseny-de-logo_sort  illustracio_sort  av-masonry-item-with-image' title=\"boix-web-1\"  itemscope=\"itemscope\" itemtype=\"https:\/\/schema.org\/CreativeWork\" ><div class='av-inner-masonry-sizer'><\/div><figure class='av-inner-masonry main_color'><div class=\"av-masonry-outerimage-container\"><div class=\"av-masonry-image-container\" style=\"background-image: url(https:\/\/pixupweb.com\/wp-content\/uploads\/2020\/12\/boix-web-1-1-705x664.png);\" title=\"boix-web-1\" ><\/div><\/div><figcaption class='av-inner-masonry-content site-background'><div class='av-inner-masonry-content-pos'><div class='av-inner-masonry-content-pos-content'><div class='avia-arrow'><\/div><h3 class='av-masonry-entry-title entry-title '  itemprop=\"headline\" >Mobles Boix<\/h3><\/div><\/div><\/figcaption><\/figure><\/a><!--end av-masonry entry--><a href=\"https:\/\/pixupweb.com\/ca\/proyectos-web-y-aplicaciones\/coco-mia\/\"  id='av-masonry-1-item-2649' data-av-masonry-item='2649' class='av-masonry-entry isotope-item post-2649 portfolio type-portfolio status-publish has-post-thumbnail hentry tag-ecommerce tag-oci tag-prestashop tag-serveis portfolio_entries-disseny-de-logo portfolio_entries-illustracio all_sort disseny-de-logo_sort  illustracio_sort  av-masonry-item-with-image' title=\"coco-web-1\"  itemscope=\"itemscope\" itemtype=\"https:\/\/schema.org\/CreativeWork\" ><div class='av-inner-masonry-sizer'><\/div><figure class='av-inner-masonry main_color'><div class=\"av-masonry-outerimage-container\"><div class=\"av-masonry-image-container\" style=\"background-image: url(https:\/\/pixupweb.com\/wp-content\/uploads\/2020\/12\/coco-web-1-1-705x580.png);\" title=\"coco-web-1\" ><\/div><\/div><figcaption class='av-inner-masonry-content site-background'><div class='av-inner-masonry-content-pos'><div class='av-inner-masonry-content-pos-content'><div class='avia-arrow'><\/div><h3 class='av-masonry-entry-title entry-title '  itemprop=\"headline\" >Coco&#038;Mia<\/h3><\/div><\/div><\/figcaption><\/figure><\/a><!--end av-masonry entry--><a href=\"https:\/\/pixupweb.com\/ca\/proyectos-web-y-aplicaciones\/casa-pujol\/\"  id='av-masonry-1-item-2665' data-av-masonry-item='2665' class='av-masonry-entry isotope-item post-2665 portfolio type-portfolio status-publish has-post-thumbnail hentry tag-ecommerce tag-oci tag-prestashop tag-serveis portfolio_entries-disseny-de-logo portfolio_entries-illustracio all_sort disseny-de-logo_sort  illustracio_sort  av-masonry-item-with-image' title=\"pujol-web-1\"  itemscope=\"itemscope\" itemtype=\"https:\/\/schema.org\/CreativeWork\" ><div class='av-inner-masonry-sizer'><\/div><figure class='av-inner-masonry main_color'><div class=\"av-masonry-outerimage-container\"><div class=\"av-masonry-image-container\" style=\"background-image: url(https:\/\/pixupweb.com\/wp-content\/uploads\/2020\/12\/pujol-web-1-539x705.png);\" title=\"pujol-web-1\" ><\/div><\/div><figcaption class='av-inner-masonry-content site-background'><div class='av-inner-masonry-content-pos'><div class='av-inner-masonry-content-pos-content'><div class='avia-arrow'><\/div><h3 class='av-masonry-entry-title entry-title '  itemprop=\"headline\" >Casa Pujol<\/h3><\/div><\/div><\/figcaption><\/figure><\/a><!--end av-masonry entry--><a href=\"https:\/\/pixupweb.com\/ca\/proyectos-web-y-aplicaciones\/blanc-yoga\/\"  id='av-masonry-1-item-2669' data-av-masonry-item='2669' class='av-masonry-entry isotope-item post-2669 portfolio type-portfolio status-publish has-post-thumbnail hentry tag-ecommerce tag-oci tag-prestashop tag-serveis portfolio_entries-disseny-de-logo portfolio_entries-illustracio all_sort disseny-de-logo_sort  illustracio_sort  av-masonry-item-with-image' title=\"blancyoga-web-1\"  itemscope=\"itemscope\" itemtype=\"https:\/\/schema.org\/CreativeWork\" ><div class='av-inner-masonry-sizer'><\/div><figure class='av-inner-masonry main_color'><div class=\"av-masonry-outerimage-container\"><div class=\"av-masonry-image-container\" style=\"background-image: url(https:\/\/pixupweb.com\/wp-content\/uploads\/2020\/12\/blancyoga-web-1-602x705.png);\" title=\"blancyoga-web-1\" ><\/div><\/div><figcaption class='av-inner-masonry-content site-background'><div class='av-inner-masonry-content-pos'><div class='av-inner-masonry-content-pos-content'><div class='avia-arrow'><\/div><h3 class='av-masonry-entry-title entry-title '  itemprop=\"headline\" >Blanc yoga<\/h3><\/div><\/div><\/figcaption><\/figure><\/a><!--end av-masonry entry--><a href=\"https:\/\/pixupweb.com\/ca\/proyectos-web-y-aplicaciones\/terra-de-falanis\/\"  id='av-masonry-1-item-2673' data-av-masonry-item='2673' class='av-masonry-entry isotope-item post-2673 portfolio type-portfolio status-publish has-post-thumbnail hentry tag-ecommerce tag-oci tag-prestashop tag-serveis portfolio_entries-disseny-de-logo portfolio_entries-illustracio all_sort disseny-de-logo_sort  illustracio_sort  av-masonry-item-with-image' title=\"terrafalanis-web-1\"  itemscope=\"itemscope\" itemtype=\"https:\/\/schema.org\/CreativeWork\" ><div class='av-inner-masonry-sizer'><\/div><figure class='av-inner-masonry main_color'><div class=\"av-masonry-outerimage-container\"><div class=\"av-masonry-image-container\" style=\"background-image: url(https:\/\/pixupweb.com\/wp-content\/uploads\/2020\/12\/terrafalanis-web-1-605x705.png);\" title=\"terrafalanis-web-1\" ><\/div><\/div><figcaption class='av-inner-masonry-content site-background'><div class='av-inner-masonry-content-pos'><div class='av-inner-masonry-content-pos-content'><div class='avia-arrow'><\/div><h3 class='av-masonry-entry-title entry-title '  itemprop=\"headline\" >Terra de Falanis<\/h3><\/div><\/div><\/figcaption><\/figure><\/a><!--end av-masonry entry--><a href=\"https:\/\/pixupweb.com\/ca\/proyectos-web-y-aplicaciones\/arquitectura-immobiliaria-2\/\"  id='av-masonry-1-item-2909' data-av-masonry-item='2909' class='av-masonry-entry isotope-item post-2909 portfolio type-portfolio status-publish has-post-thumbnail hentry portfolio_entries-animacio-i-edicio all_sort animacio-i-edicio_sort  av-masonry-item-with-image' title=\"Arquitectura-immobili\u00e0ria\"  itemscope=\"itemscope\" itemtype=\"https:\/\/schema.org\/CreativeWork\" ><div class='av-inner-masonry-sizer'><\/div><figure class='av-inner-masonry main_color'><div class=\"av-masonry-outerimage-container\"><div class=\"av-masonry-image-container\" style=\"background-image: url(https:\/\/pixupweb.com\/wp-content\/uploads\/2020\/08\/Imagen1-1.jpg);\" title=\"Arquitectura-immobili\u00e0ria\" ><\/div><\/div><figcaption class='av-inner-masonry-content site-background'><div class='av-inner-masonry-content-pos'><div class='av-inner-masonry-content-pos-content'><div class='avia-arrow'><\/div><h3 class='av-masonry-entry-title entry-title '  itemprop=\"headline\" >Arquitectura \/ Immobili\u00e0ria<\/h3><\/div><\/div><\/figcaption><\/figure><\/a><!--end av-masonry entry--><\/div><a class='av-masonry-pagination av-masonry-load-more' href='#load-more'  data-ids=''  data-action=''  data-link='portfolio_entries, 422,484,485,486,421,487,488,76,33,127'  data-post_type='post, page, attachment, revision, nav_menu_item, custom_css, customize_changeset, oembed_cache, user_request, wp_block, wp_template, wpcode, wpcf7_contact_form, wprss_feed, wprss_feed_item, wprss_feed_template, portfolio, avia_framework_post, wprss_blacklist'  data-items='12'  data-size='fixed'  data-gap='large'  data-overlay_fx='active'  data-animation='active'  data-offset='0'  data-container_links='active'  data-link_dest=''  data-lightbox_text=''  data-lazy_loading='disabled'  data-container_class=''  data-paginate='load_more'  data-caption_elements='title'  data-caption_display='on-hover'  data-caption_styling='overlay'  data-wc_prod_visible=''  data-wc_prod_hidden='hide'  data-wc_prod_featured=''  data-prod_order_by=''  data-prod_order=''  data-sort='yes'  data-columns='flexible'  data-auto_ratio='1.7'  data-set_breadcrumb='1'  data-custom_markup=''  data-query_orderby='date'  data-query_order='ASC'  data-color=''  data-custom_bg=''  data-custom_class=''  data-orientation='av-orientation-square'  data-date_filter=''  data-date_filter_start=''  data-date_filter_end=''  data-date_filter_format='yy\/mm\/dd'  data-id=''  data-taxonomy='portfolio_entries'  data-categories='420,21,23,24,22'  data-avno='7cba025480'>Carregar m\u00e9s<\/a><\/div><\/p><\/div><\/p>\n","protected":false},"excerpt":{"rendered":"","protected":false},"author":5,"featured_media":0,"parent":0,"menu_order":0,"comment_status":"closed","ping_status":"closed","template":"","meta":[],"aioseo_notices":[],"_links":{"self":[{"href":"https:\/\/pixupweb.com\/ca\/wp-json\/wp\/v2\/pages\/4455"}],"collection":[{"href":"https:\/\/pixupweb.com\/ca\/wp-json\/wp\/v2\/pages"}],"about":[{"href":"https:\/\/pixupweb.com\/ca\/wp-json\/wp\/v2\/types\/page"}],"author":[{"embeddable":true,"href":"https:\/\/pixupweb.com\/ca\/wp-json\/wp\/v2\/users\/5"}],"replies":[{"embeddable":true,"href":"https:\/\/pixupweb.com\/ca\/wp-json\/wp\/v2\/comments?post=4455"}],"version-history":[{"count":5,"href":"https:\/\/pixupweb.com\/ca\/wp-json\/wp\/v2\/pages\/4455\/revisions"}],"predecessor-version":[{"id":4458,"href":"https:\/\/pixupweb.com\/ca\/wp-json\/wp\/v2\/pages\/4455\/revisions\/4458"}],"wp:attachment":[{"href":"https:\/\/pixupweb.com\/ca\/wp-json\/wp\/v2\/media?parent=4455"}],"curies":[{"name":"wp","href":"https:\/\/api.w.org\/{rel}","templated":true}]}}